{"id":66832,"date":"2019-05-13T17:36:17","date_gmt":"2019-05-13T17:36:17","guid":{"rendered":"https:\/\/www.benkadi.org\/portfolio\/musique-danse-au-mali"},"modified":"2023-08-18T08:07:57","modified_gmt":"2023-08-18T08:07:57","slug":"musique-danse-au-mali","status":"publish","type":"portfolio","link":"https:\/\/www.benkadi.org\/fr\/portfolio\/musique-danse-au-mali","title":{"rendered":"Musique &#038; Danse au Mali"},"content":{"rendered":"<div class=\"wpb-content-wrapper\"><p>[vc_row][vc_column width=\u00a0\u00bb1\/1&Prime;][vc_single_image media=\u00a0\u00bb66249&Prime; media_width_percent=\u00a0\u00bb100&Prime;][vc_custom_heading heading_semantic=\u00a0\u00bbh3&Prime; text_size=\u00a0\u00bbh3&Prime;]Information de fond[\/vc_custom_heading][vc_column_text]<img decoding=\"async\" class=\"size-medium wp-image-66272 alignleft\" src=\"https:\/\/www.benkadi.org\/wp-content\/uploads\/2019\/05\/video_02-300x196.jpg\" alt=\"\" width=\"300\" height=\"196\" srcset=\"https:\/\/www.benkadi.org\/wp-content\/uploads\/2019\/05\/video_02-300x196.jpg 300w, https:\/\/www.benkadi.org\/wp-content\/uploads\/2019\/05\/video_02-768x502.jpg 768w, https:\/\/www.benkadi.org\/wp-content\/uploads\/2019\/05\/video_02-1024x669.jpg 1024w, https:\/\/www.benkadi.org\/wp-content\/uploads\/2019\/05\/video_02.jpg 3280w\" sizes=\"(max-width: 300px) 100vw, 300px\" \/><\/p>\n<p>Dans les ann\u00e9es 90 le Minist\u00e8re des Affaires \u00c9trang\u00e8res, Allemagne, et le Programm Mali Nord (GIZ) ont support\u00e9 11 missions pour la collecte de l\u2019h\u00e9ritage musical au Mali.<\/p>\n<p>100 heures du mat\u00e9riel vid\u00e9o sont disponible en format analogue HI 8 dans l\u2019archive du Mus\u00e9e National au Mali.[\/vc_column_text][vc_custom_heading heading_semantic=\u00a0\u00bbh3&Prime; text_size=\u00a0\u00bbh3&Prime;]Objectif[\/vc_custom_heading][vc_column_text]Ce mat\u00e9riel doit \u00eatre num\u00e9ris\u00e9 et pr\u00e9par\u00e9 pour plusieurs documentaires. Dans les ann\u00e9es suivantes 4 DVDs seront publi\u00e9s, chacun ayant une dur\u00e9e de 90 min:<\/p>\n<p>Vol 1: Timbuktu-Gao-Mopti, Vol 2: Dogon-Bwa-Bamanan, Vol 3: Senufo\/Minianka-Wasulunke-Khasonk\u00e9\/Sarakoll\u00e9 , Vol 4: Ritual Music in Mali. Chaque DVD contient 3 documentaires d\u2019environ 30 min.[\/vc_column_text][vc_single_image media=\u00a0\u00bb66273&Prime; media_width_percent=\u00a0\u00bb100&Prime;][vc_custom_heading heading_semantic=\u00a0\u00bbh3&Prime; text_size=\u00a0\u00bbh3&Prime;]But[\/vc_custom_heading][vc_column_text]&#8230;est la sauvegarde de la tradition orale pour transf\u00e9rer l\u2019h\u00e9ritage musical \u00e0 la suivante g\u00e9n\u00e9ration. La publication sera distribu\u00e9 aux musiciens et musiciennes et \u00e0 la population.[\/vc_column_text][\/vc_column][\/vc_row][vc_row][vc_column width=\u00a0\u00bb1\/3&Prime;][vc_single_image media=\u00a0\u00bb66284&Prime; media_width_percent=\u00a0\u00bb100&Prime;][\/vc_column][vc_column width=\u00a0\u00bb1\/3&Prime;][vc_single_image media=\u00a0\u00bb65574&Prime; media_width_percent=\u00a0\u00bb100&Prime;][\/vc_column][vc_column width=\u00a0\u00bb1\/3&Prime;][\/vc_column][\/vc_row][vc_row][vc_column width=\u00a0\u00bb1\/1&Prime;][uncode_index el_id=\u00a0\u00bbindex-196966&Prime; isotope_mode=\u00a0\u00bbvertical\u00a0\u00bb loop=\u00a0\u00bbsize:10|order_by:date|post_type:portfolio|by_id:66562,66567&Prime; gutter_size=\u00a0\u00bb3&Prime; portfolio_items=\u00a0\u00bbtitle,category,media|featured|onpost|original,text|excerpt\u00a0\u00bb screen_lg=\u00a0\u00bb1000&Prime; screen_md=\u00a0\u00bb600&Prime; screen_sm=\u00a0\u00bb480&Prime; single_width=\u00a0\u00bb12&Prime; images_size=\u00a0\u00bbfour-three\u00a0\u00bb single_overlay_opacity=\u00a0\u00bb50&Prime; single_padding=\u00a0\u00bb2&Prime; single_title_dimension=\u00a0\u00bbh3&Prime;][\/vc_column][\/vc_row]<\/p>\n<\/div>","protected":false},"excerpt":{"rendered":"<p>Num\u00e9risation, restauration &#038; publication des documentaires vid\u00e9o<\/p>\n","protected":false},"author":3,"featured_media":68745,"parent":0,"menu_order":0,"comment_status":"closed","ping_status":"closed","template":"","meta":{"footnotes":""},"portfolio_category":[124],"class_list":["post-66832","portfolio","type-portfolio","status-publish","has-post-thumbnail","hentry","portfolio_category-sauvegarde-de-la-culture"],"_links":{"self":[{"href":"https:\/\/www.benkadi.org\/fr\/wp-json\/wp\/v2\/portfolio\/66832","targetHints":{"allow":["GET"]}}],"collection":[{"href":"https:\/\/www.benkadi.org\/fr\/wp-json\/wp\/v2\/portfolio"}],"about":[{"href":"https:\/\/www.benkadi.org\/fr\/wp-json\/wp\/v2\/types\/portfolio"}],"author":[{"embeddable":true,"href":"https:\/\/www.benkadi.org\/fr\/wp-json\/wp\/v2\/users\/3"}],"replies":[{"embeddable":true,"href":"https:\/\/www.benkadi.org\/fr\/wp-json\/wp\/v2\/comments?post=66832"}],"version-history":[{"count":0,"href":"https:\/\/www.benkadi.org\/fr\/wp-json\/wp\/v2\/portfolio\/66832\/revisions"}],"wp:featuredmedia":[{"embeddable":true,"href":"https:\/\/www.benkadi.org\/fr\/wp-json\/wp\/v2\/media\/68745"}],"wp:attachment":[{"href":"https:\/\/www.benkadi.org\/fr\/wp-json\/wp\/v2\/media?parent=66832"}],"wp:term":[{"taxonomy":"portfolio_category","embeddable":true,"href":"https:\/\/www.benkadi.org\/fr\/wp-json\/wp\/v2\/portfolio_category?post=66832"}],"curies":[{"name":"wp","href":"https:\/\/api.w.org\/{rel}","templated":true}]}}